{"id":31211,"date":"2019-06-23T09:23:48","date_gmt":"2019-06-23T09:23:48","guid":{"rendered":"https:\/\/ucmp.one\/?page_id=31211"},"modified":"2019-10-27T12:26:48","modified_gmt":"2019-10-27T12:26:48","slug":"kim-hat-einen-penis","status":"publish","type":"page","link":"https:\/\/ucmp.de\/de\/kim-hat-einen-penis\/","title":{"rendered":"Kim hat einen Penis"},"content":{"rendered":"<div class=\"wpb-content-wrapper\"><p>[vc_row][vc_column width=&#8221;3\/4&#8243; css=&#8221;.vc_custom_1561291995466{padding-right: 30px !important;}&#8221;][vc_column_text]<\/p>\n<h1>Kim hat einen Penis<\/h1>\n<p>[\/vc_column_text][vc_column_text]Der Film &#8220;<strong>Kim hat einen Penis<\/strong>&#8221; (englischer Titel: <strong>Everything Always All the time<\/strong>&#8220;) ist der vierte Langspielfilm von Philipp Eichholtz nach den Filmen &#8220;<strong>Liebe mich!<\/strong>&#8221; (2014), &#8220;<strong>Luca tanzt leise<\/strong>&#8221; (2016) und &#8220;<strong>R\u00fcckenwind von vorn<\/strong>&#8221; (2018). Im Jahr <strong>2018<\/strong> schaffte es Philipp Eichholtz dabei, im gleichen Jahr sowohl eine Premiere mit &#8220;R\u00fcckenwind von vorn&#8221; auf der <strong>68. Berlinale<\/strong> als auch beim <strong>Filmfest M\u00fcnchen<\/strong> <strong>2018<\/strong> mit &#8220;Kim hat einen Penis&#8221; hinzubekommen.[\/vc_column_text][vc_column_text]&#8221;<strong>Kim hat einen Penis<\/strong>&#8221; war zudem der Er\u00f6ffnungsfilm bei 15. <strong>achtung berlin \u2013 new berlin film award 2019 <\/strong>und war zudem vor Kinostart bei zahlreichen Festivals wie z.B. dem <strong>16. Neisse Festival<\/strong>\u00a0zu sehen.[\/vc_column_text][vc_row_inner][vc_column_inner width=&#8221;1\/2&#8243; css=&#8221;.vc_custom_1561290391124{border-right-width: -15px !important;}&#8221;][vc_single_image image=&#8221;31276&#8243; img_size=&#8221;full&#8221;][\/vc_column_inner][vc_column_inner width=&#8221;1\/2&#8243;][vc_single_image image=&#8221;31277&#8243; img_size=&#8221;full&#8221;][\/vc_column_inner][\/vc_row_inner][vc_column_text]<\/p>\n<h3>Inhaltsangabe:<\/h3>\n<p>Wie geht Beziehung? Was passiert, wenn die eigene Freundin pl\u00f6tzlich einen Penis hat? Und ist Liebe am Ende doch nur f\u00fcr Idioten?<\/p>\n<p>Kim und Andreas sind eigentlich ziemlich gl\u00fccklich \u2013 mit sich und dem Leben. Doch Kim will mehr. Sie will einen Penis. Nicht, weil sie gerne ein Mann w\u00e4re, sondern einfach nur, weil sie neugierig ist. Mit Andreas dar\u00fcber reden will sie allerdings nicht. Lieber stellt sie ihn vor vollendete Tatsachen. Wer braucht schon Kommunikation, wenn es auch ohne geht? W\u00e4hrend Andreas in stummen Aktionismus verf\u00e4llt, rennt Kim im Stechschritt durch Berlin. Zu allem \u00dcberfluss zieht dann noch ihre gemeinsame beste Freundin Anna mit ganz eigenem Herzschmerz und akutem Kinderwunsch bei ihnen ein. Das macht die Sache mit dem Reden \u00fcber eigene W\u00fcnsche und Bed\u00fcrfnisse nicht gerade leichter. Denn vielleicht ist ein Penis niemals eine Metapher \u2013 der Refrain ihrer Beziehung ist er schon. Und wenn man sich zu zweit am Ende einsam f\u00fchlt, ist man dann zu dritt vielleicht weniger allein?[\/vc_column_text][vc_row_inner][vc_column_inner width=&#8221;1\/2&#8243; css=&#8221;.vc_custom_1561290391124{border-right-width: -15px !important;}&#8221;][vc_single_image image=&#8221;31260&#8243; img_size=&#8221;full&#8221;][\/vc_column_inner][vc_column_inner width=&#8221;1\/2&#8243;][vc_single_image image=&#8221;31278&#8243; img_size=&#8221;full&#8221;][\/vc_column_inner][\/vc_row_inner][vc_column_text]<\/p>\n<h3>Zur Person Philipp Eichholtz:<\/h3>\n<p>Philipp Eichholtz wuchs in einem kleinen Ort nahe Osnabr\u00fcck auf. Schon im Alter von 15 Jahren drehte er mit Schulfreunden seinen ersten Kurzfilm. In den folgenden acht Jahren realisierte er unz\u00e4hlige weitere Projekte. 2005 gewann er einen ersten Preis mit dem Kurzfilm &#8220;<strong>Der letzte Abend<\/strong>&#8221; den Nachwuchspreis des <strong>Filmfestivals Hamm<\/strong>.<\/p>\n<p>Im Sommer 2005 beendete Philipp Eichholtz zudem erfolgreich seine Ausbildung als Editor. Seitdem lag der Fokus zun\u00e4chst auf Musikvideos, unter anderem f\u00fcr Bands wie\u00a0Kapelle Petra, Peilomat, The Intersphere, Global Kryner, Da Blechhauf\u2019n und Karat. Bei diesen Musikvideos \u00fcbernahm Eichholtz in der Regel Konzeption, Regie und Schnitt in Personalunion. Seit 2007 arbeitete er bei diversen Spielfilm- und Serienproduktionen als Assistent der Set-Aufnahmeleitung mit, darunter zwei Tatort-Produktionen des RBB. Ab dem Jahr 2014 produziert er zusammen mit seinem st\u00e4ndigen Partner Oliver Jerke seine ersten Langfilme, die daraufhin alle auch einen Kinostart in \u00a0Deutschland hatten.<\/p>\n<p>2016 lizensierte <strong>Netflix<\/strong> seine ersten beiden Filme &#8220;<strong>Liebe mich!<\/strong>&#8221; und &#8220;<strong>Lucan tanzt leise<\/strong>&#8221; und ver\u00f6fffentliche diese am daraufhin weltweit (<em>&#8220;Liebe mich!&#8221;<\/em> &#8211; englischer Titel: <em>&#8220;Love me!&#8221;<\/em> am 01.07.2016;\u00a0<em>&#8220;Luca tanzt leise&#8221;<\/em> &#8211; englischer Titel: &#8220;<em>Dancing Quietly<\/em>&#8221; am 01.04.2017) \u00a0. Im Jahr 2018\u00a0konnte Philipp Eichholtz vor rund 2000 G\u00e4sten die Ehrung \u201e<strong>Variety\u00b4s 10 Europeans to Watch<\/strong>\u201c im Ritz Hotel am Potsdamer Platz aus den H\u00e4nden von Variety-Chefredakteur <strong>Steven Gaydos<\/strong> und Medienboard-Chefin <strong>Kirsten Niehuus<\/strong> entgegengenommen.[\/vc_column_text][vc_row_inner][vc_column_inner width=&#8221;1\/2&#8243; css=&#8221;.vc_custom_1561290391124{border-right-width: -15px !important;}&#8221;][vc_single_image image=&#8221;31259&#8243; img_size=&#8221;full&#8221;][\/vc_column_inner][vc_column_inner width=&#8221;1\/2&#8243;][vc_single_image image=&#8221;31274&#8243; img_size=&#8221;full&#8221;][\/vc_column_inner][\/vc_row_inner][vc_column_text]<\/p>\n<h3><em>Kommentar von Philipp Eichholtz zum Film:<\/em><\/h3>\n<p><em>&#8220;Die Grundidee zu dem Film <b>\u201eKim hat einen Penis\u201c<\/b> kam nicht von mir, sondern von meinem langj\u00e4hrigen Produzenten und besten Freund Oliver Jerke. Der Film beginnt in der Utopie, dass es einfach m\u00f6glich ist, sein Geschlecht einfach zu \u00e4ndern. In der Folge zeigt der Film die Konsequenzen im Alltag von Kim (gespielt von Martina Sch\u00f6ne-Radunski). Der Film ist definitiv kein Transgenderfilm. Wollte ich ein solches Thema anpacken,<span class=\"Apple-converted-space\">\u00a0 <\/span>dann w\u00fcrde ich einen ganz anderen Film drehen. <b>\u201eKim hat einen Penis\u201c<\/b> ist eine Tragik-Kom\u00f6die, in der es um eeine Heterobeziehung zwischen zwei Mittdrei\u00dfigj\u00e4hrigen geht.<\/em><\/p>\n<p><em>Gedreht wurde der Film in 16 Tagen. Obwohl im Film sehr viel improvisiert wurde, sollte man dieses beim Ansehen des Films nicht merken.&#8221;<\/em>[\/vc_column_text][\/vc_column][vc_column width=&#8221;1\/4&#8243; css=&#8221;.vc_custom_1561286315715{margin-top: 15px !important;background-color: #efefef !important;}&#8221;]<style type=\"text\/css\" data-type=\"the7_shortcodes-inline-css\">.shortcode-single-image-wrap.shortcode-single-image-f8309ee919f9ac3c5a5239fe741e4da9.enable-bg-rollover .rollover i,\n.shortcode-single-image-wrap.shortcode-single-image-f8309ee919f9ac3c5a5239fe741e4da9.enable-bg-rollover .rollover-video i {\n  background: -webkit-linear-gradient();\n  background: linear-gradient();\n}\n.shortcode-single-image-wrap.shortcode-single-image-f8309ee919f9ac3c5a5239fe741e4da9 .rollover-icon {\n  font-size: 32px;\n  color: #ffffff;\n  min-width: 44px;\n  min-height: 44px;\n  line-height: 44px;\n  border-radius: 100px;\n  border-style: solid;\n  border-width: 0px;\n}\n.dt-icon-bg-on.shortcode-single-image-wrap.shortcode-single-image-f8309ee919f9ac3c5a5239fe741e4da9 .rollover-icon {\n  background: rgba(255,255,255,0.3);\n  box-shadow: none;\n}<\/style><div class=\"shortcode-single-image-wrap shortcode-single-image-f8309ee919f9ac3c5a5239fe741e4da9 alignnone  vc_custom_1561296313028 enable-bg-rollover dt-icon-bg-off\" ><div class=\"shortcode-single-image\"><div class=\"fancy-media-wrap\" style=\"\"><a href=\"https:\/\/ucm.one\/de\/kinoverleih\/kinostarts\/#kim-hat-einen-penis\" class=\" layzr-bg rollover\" style=\"\" target=\"_blank\" rel=\"noopener\" aria-label=\"Image\"><img fetchpriority=\"high\" decoding=\"async\" class=\"preload-me lazy-load aspect\" src=\"data:image\/svg+xml,%3Csvg%20xmlns%3D&#39;http%3A%2F%2Fwww.w3.org%2F2000%2Fsvg&#39;%20viewBox%3D&#39;0%200%20699%20999&#39;%2F%3E\" data-src=\"https:\/\/ucmp.de\/wp-content\/uploads\/2019\/06\/P-Kim-hat-einen-Penis-2019.jpg\" data-srcset=\"https:\/\/ucmp.de\/wp-content\/uploads\/2019\/06\/P-Kim-hat-einen-Penis-2019.jpg 699w\" loading=\"eager\" style=\"--ratio: 699 \/ 999\" sizes=\"(max-width: 699px) 100vw, 699px\" width=\"699\" height=\"999\"  data-dt-location=\"https:\/\/ucmp.de\/de\/kim-hat-einen-penis\/p-kim-hat-einen-penis-2019\/\" alt=\"\" \/><\/a><\/div><\/div><\/div>[vc_empty_space height=&#8221;10px&#8221;][vc_column_text]<\/p>\n<p id=\"u3084-2\"><strong>Original Titel: <\/strong>Kim hat einen Penis<\/p>\n<p><strong>Regie:<\/strong> Philipp Eichholtz<\/p>\n<p><strong>Drehbuch:<\/strong> Christian Ehrich, Philipp Eichholtz, Maxi Rosenheinrich, Martina Sch\u00f6ne-Radunski<\/p>\n<p><strong>Schauspieler*innen:<\/strong><span style=\"font-size: 8pt;\">\u00a0<\/span> Martina Sch\u00f6ne-Radunski,\u00a0Christian Ehrich, Stella Hilb, Matthias Lier, Lana Cooper, Hans-Heinrich Hardt, Lilli Meinhardt, Sebastian Fr\u00e4sdorf, Mata (Hund)<\/p>\n<p><strong>Produzenten: <\/strong>Philipp Eichholtz, Oliver Jerke, Joachim Keil<\/p>\n<p><span lang=\"de\" style=\"font-family: arial, helvetica, sans-serif;\" tabindex=\"0\"><strong>Kinematographie<\/strong>: Fee Scherer<\/span><\/p>\n<p><strong>Kamera:<\/strong> Manuel Ruge<\/p>\n<p><strong>Ton:<\/strong> Joo F\u00fcrst, Olga Molchanova Reed<\/p>\n<p><strong>Schnitt:<\/strong> Markus Mork\u00f6tter<\/p>\n<p><strong>Kost\u00fcme:<\/strong> Alexandra Wasserthal-Zuccari<\/p>\n<p><strong>Musik:<\/strong> Tina Pepper, Ofrin, Dota<\/p>\n<p>&nbsp;<\/p>\n<p><strong>Produktion:\u00a0<\/strong>Von Oma gef\u00f6rdert<\/p>\n<p><strong>Koproduktion:<\/strong> <span style=\"font-family: 'arial black', sans-serif;\"><strong>UCMP<\/strong><\/span><\/p>\n<p><strong>Produktionsjahr:<\/strong> 2018<\/p>\n<p><strong>Land:<\/strong>\u00a0Deutschland<\/p>\n<p><strong>Sprache<\/strong>: Deutsch<\/p>\n<p><strong>Untertitel:<\/strong> Englisch<\/p>\n<p><strong>Genre:<\/strong> Kom\u00f6die, Drama<\/p>\n<p>&nbsp;<\/p>\n<p><strong>L\u00e4nge:<\/strong> 86 Min<\/p>\n<p><strong>FSK:<\/strong>\u00a012<\/p>\n<p><strong>Seitenverh\u00e4ltnis:<\/strong> 16:9<\/p>\n<p><strong>Aufl\u00f6sung:<\/strong> HD[\/vc_column_text][vc_separator color=&#8221;custom&#8221; accent_color=&#8221;#a0a0a0&#8243;][vc_column_text]<em>Weiterer Titel:<\/em><\/p>\n<p><strong>Englisch:<\/strong> Everything Always All the Time[\/vc_column_text][vc_separator color=&#8221;custom&#8221; accent_color=&#8221;#a0a0a0&#8243;][vc_column_text]<strong>Premiere:<\/strong> Filmfest M\u00fcnchen 2018<\/p>\n<p><strong>Er\u00f6ffnungsfilm:<\/strong> achtung berlin 2019<\/p>\n<p><strong>Filmlabel:<\/strong> Darling Berlin<\/p>\n<p><strong>Verleih:<\/strong> <span style=\"font-family: 'arial black', sans-serif;\"><strong>UCM.ONE<\/strong><\/span><\/p>\n<p>&nbsp;<\/p>\n<p><strong>Kinostart:<\/strong>\u00a013.06.2019<\/p>\n<p><strong>DVD-Start:<\/strong> tba<\/p>\n<p><strong>VoD-Start:<\/strong> tba[\/vc_column_text][vc_separator color=&#8221;custom&#8221; accent_color=&#8221;#a0a0a0&#8243;][vc_btn title=&#8221;Presse Materialien&#8221; color=&#8221;white&#8221; align=&#8221;center&#8221; i_align=&#8221;right&#8221; i_icon_fontawesome=&#8221;fa fa-download&#8221; button_block=&#8221;true&#8221; add_icon=&#8221;true&#8221; link=&#8221;url:http%3A%2F%2Fwww.darlingberlin.de%2Fpresse%2Fkim.zip|title:Kim%20hat%20einen%20Penis||rel:nofollow&#8221; css=&#8221;.vc_custom_1561333844675{margin-top: -15px !important;}&#8221;][\/vc_column][\/vc_row][vc_row css=&#8221;.vc_custom_1561251907772{margin-top: 20px !important;}&#8221;][vc_column][vc_column_text]<span style=\"font-family: arial, helvetica, sans-serif; font-size: 18pt;\">Trailer (deutsch, mit englischen Untertiteln)<\/span>[\/vc_column_text][vc_video link=&#8221;https:\/\/youtu.be\/nIjdbmXiBEE&#8221;][\/vc_column][\/vc_row][vc_row css=&#8221;.vc_custom_1561251873952{margin-top: 20px !important;}&#8221;][vc_column][vc_column_text css=&#8221;.vc_custom_1561289264537{margin-top: 20px !important;}&#8221;]<span style=\"font-family: arial, helvetica, sans-serif; font-size: 18pt;\">Pressestimmen<\/span>[\/vc_column_text][vc_column_text]<\/p>\n<div class=\"wpb_text_column wpb_content_element \">\n<div class=\"wpb_wrapper\">\n<p><strong>S\u00fcddeutsche Zeitung:<\/strong>\u00a0<i>\u201cDie Beziehungskom\u00f6die von Philipp Eichholtz erz\u00e4hlt nichts \u00fcber queere Identit\u00e4tsproblematiken, sondern benutzt das m\u00e4nnliche Geschlechtsteil als Aufh\u00e4nger f\u00fcr turbulente Rollenspiele. Der Film kehrt mit seinen tollen Protagonisten am\u00fcsant g\u00e4ngige Muster um \u2026\u201d.\u00a0<\/i><\/p>\n<p><strong>Tom Westerholt<\/strong>\u00a0(<strong>Deutschlandfunk)<\/strong>:<em>\u201cEin skurriler aber extrem sehenswerter Film\u201d. Der Bremer Weser Kurier urteilt: \u201cKlamaukiger Titel, kluger Film: \u201cKim hat einen Penis\u201d beleuchtet mit viel Humor eine ungew\u00f6hnliche Geschlechtsumwandlung.\u201d<\/em><\/p>\n<p><strong>Tagesspiegel:<\/strong>\u00a0<em>\u201eKim hat einen Penis\u201c sondiert das potentielle Minenfeld \u00e4u\u00dferst umsichtig und vor allem kalauerfrei. An Eichholtz\u2019 Alltagslakonie perlt die Versuchung, die Geschichte durch Zotigkeit ins L\u00e4cherliche zu ziehen, ab. Wenn \u00fcberhaupt macht sich der Film mit seinem skurrilen Anarchismus ein ganz klein wenig \u00fcber die Gewissheiten b\u00fcrgerlicher Hetero-Lebensmodelle lustig \u2013 ohne dabei \u00fcber die Str\u00e4nge zu schlagen.&#8221;<\/em><\/p>\n<p><strong>Kino-Zeit:\u00a0<\/strong><em>&#8220;Der beste Filmbeginn seit Jahren: Kim in einer Klinik. \u201eIch will einen Penis!\u201c Der seri\u00f6s graumelierte Arzt redet verst\u00e4ndnisvoll von Hormonbehandlung etc. Geht das nicht schneller? Naja, ohne Hormon, klar: Nachmittags um 16 Uhr. Und Kim hat fortan einen Penis.&#8221;<\/em><\/p>\n<p><strong>Bremer Weser Kurier:<\/strong>\u00a0<em>&#8220;Klamaukiger Titel, kluger Film: &#8220;Kim hat einen Penis&#8221; beleuchtet mit viel Humor eine ungew\u00f6hnliche Geschlechtsumwandlung.&#8221;<\/em><\/p>\n<p><strong>Artechock:<\/strong>\u00a0<em>&#8220;Die Kom\u00f6die beweist mit erfri\u00adschender Naivit\u00e4t, dass trotz aller besonders in der Haupt\u00adstadt gras\u00adsie\u00adrenden puri\u00adta\u00adni\u00adschen Gender-Ge- und Verbote f\u00fcr die Liebe Hoffnung besteht.&#8221;<\/em><\/p>\n<p><strong>die taz:<\/strong>\u00a0&#8220;<em>Kim hat einen Penis\u201c ist gewisserma\u00dfen das Gegenst\u00fcck zu \u201eR\u00fcckenwind von vorn\u201c. Denn hier ist es die Hauptfigur selbst, die Ver\u00e4nderung voranschubst, ja, erzwingt. Ihre Lust, etwas Neues zu erproben.&#8221;<\/em><\/p>\n<p><strong>Sissy Magazin:\u00a0<\/strong><em>&#8220;Sehenswerte Studie \u00fcber die Unf\u00e4higkeit vieler Paare, miteinander \u00fcber ihre (sexuellen) W\u00fcnsche zu reden.&#8221;<\/em><\/p>\n<p><strong>Filmdienst:<em>\u00a0<\/em><\/strong><em>&#8220;Der ungewohnte Blick bei Eichholtz ergibt sich daraus, dass der Gegenwind von einer Frau stammt, die nicht nur organtechnisch mitzieht, sondern bei der Lebensplanung schlicht feministische Forderungen durchzieht und dabei einfach das Verhalten annimmt, das ihre m\u00e4nnlichen Gegen\u00fcber f\u00fcr selbstverst\u00e4ndlich halten.&#8221;<\/em><\/p>\n<\/div>\n<\/div>\n<p>[\/vc_column_text][\/vc_column][\/vc_row][vc_row][vc_column][vc_separator css=&#8221;.vc_custom_1560377795279{margin-top: 15px !important;}&#8221;][\/vc_column][\/vc_row][vc_row][vc_column][vc_column_text]<\/p>\n<h2><span style=\"font-family: arial, helvetica, sans-serif;\">Neuigkeiten<\/span><\/h2>\n<p>[\/vc_column_text]<style type=\"text\/css\" data-type=\"the7_shortcodes-inline-css\">.blog-shortcode.blog-masonry-shortcode-id-71cb25dba7e3fcdb0db6a426a3e19839.dividers-on.classic-layout-list article {\n  padding-top: 0;\n}\n.blog-shortcode.blog-masonry-shortcode-id-71cb25dba7e3fcdb0db6a426a3e19839.dividers-on.classic-layout-list article:first-of-type {\n  margin-top: 0;\n  padding-top: 0;\n}\n.blog-shortcode.blog-masonry-shortcode-id-71cb25dba7e3fcdb0db6a426a3e19839.classic-layout-list.mode-list .post-entry-content {\n  width: calc(100% - );\n}\n.blog-shortcode.blog-masonry-shortcode-id-71cb25dba7e3fcdb0db6a426a3e19839.classic-layout-list.mode-list .no-img .post-entry-content {\n  width: 100%;\n}\n.blog-shortcode.blog-masonry-shortcode-id-71cb25dba7e3fcdb0db6a426a3e19839 .filter-bg-decoration .filter-categories a.act {\n  color: #fff;\n}\n.blog-shortcode.blog-masonry-shortcode-id-71cb25dba7e3fcdb0db6a426a3e19839:not(.mode-masonry) article:first-of-type,\n.blog-shortcode.blog-masonry-shortcode-id-71cb25dba7e3fcdb0db6a426a3e19839:not(.mode-masonry) article.visible.first:not(.product) {\n  margin-top: 0;\n}\n.blog-shortcode.blog-masonry-shortcode-id-71cb25dba7e3fcdb0db6a426a3e19839.dividers-on:not(.mode-masonry) article {\n  margin-top: 0;\n}\n.blog-shortcode.blog-masonry-shortcode-id-71cb25dba7e3fcdb0db6a426a3e19839.dividers-on:not(.mode-masonry) article:first-of-type,\n.blog-shortcode.blog-masonry-shortcode-id-71cb25dba7e3fcdb0db6a426a3e19839.dividers-on:not(.mode-masonry) article.visible.first:not(.product) {\n  margin-top: 0;\n  padding-top: 0;\n}\n.blog-shortcode.blog-masonry-shortcode-id-71cb25dba7e3fcdb0db6a426a3e19839 .post-thumbnail-wrap {\n  padding: 0px 0px 0px 0px;\n}\n.blog-shortcode.blog-masonry-shortcode-id-71cb25dba7e3fcdb0db6a426a3e19839.enable-bg-rollover .post-thumbnail-rollover:after {\n  background: -webkit-linear-gradient();\n  background: linear-gradient();\n}\n.blog-shortcode.blog-masonry-shortcode-id-71cb25dba7e3fcdb0db6a426a3e19839 .gallery-zoom-ico {\n  width: 44px;\n  height: 44px;\n  line-height: 44px;\n  border-radius: 100px;\n  margin: -22px 0 0 -22px;\n  border-width: 0px;\n  color: #ffffff;\n}\n.bottom-overlap-layout-list.blog-shortcode.blog-masonry-shortcode-id-71cb25dba7e3fcdb0db6a426a3e19839 .gallery-zoom-ico {\n  margin-top: -72px;\n}\n.gradient-overlay-layout-list.blog-shortcode.blog-masonry-shortcode-id-71cb25dba7e3fcdb0db6a426a3e19839 .gallery-zoom-ico,\n.content-rollover-layout-list.blog-shortcode.blog-masonry-shortcode-id-71cb25dba7e3fcdb0db6a426a3e19839 .gallery-zoom-ico {\n  margin: 0 0 10px;\n}\n.content-align-center.gradient-overlay-layout-list.blog-shortcode.blog-masonry-shortcode-id-71cb25dba7e3fcdb0db6a426a3e19839 .gallery-zoom-ico,\n.content-align-center.content-rollover-layout-list.blog-shortcode.blog-masonry-shortcode-id-71cb25dba7e3fcdb0db6a426a3e19839 .gallery-zoom-ico {\n  margin: 0 auto 10px;\n}\n.dt-icon-bg-on.blog-shortcode.blog-masonry-shortcode-id-71cb25dba7e3fcdb0db6a426a3e19839 .gallery-zoom-ico {\n  background: rgba(255,255,255,0.3);\n  box-shadow: none;\n}\n.blog-shortcode.blog-masonry-shortcode-id-71cb25dba7e3fcdb0db6a426a3e19839 .gallery-zoom-ico > span,\n.blog-shortcode.blog-masonry-shortcode-id-71cb25dba7e3fcdb0db6a426a3e19839 .gallery-zoom-ico:before {\n  font-size: 32px;\n  line-height: 44px;\n}\n.blog-shortcode.blog-masonry-shortcode-id-71cb25dba7e3fcdb0db6a426a3e19839 .gallery-zoom-ico > span,\n.blog-shortcode.blog-masonry-shortcode-id-71cb25dba7e3fcdb0db6a426a3e19839 .gallery-zoom-ico:before {\n  color: #ffffff;\n}\n.blog-shortcode.blog-masonry-shortcode-id-71cb25dba7e3fcdb0db6a426a3e19839 .entry-title,\n.blog-shortcode.blog-masonry-shortcode-id-71cb25dba7e3fcdb0db6a426a3e19839.owl-carousel .entry-title {\n  margin-bottom: 5px;\n  font-weight: bold;\n}\n.blog-shortcode.blog-masonry-shortcode-id-71cb25dba7e3fcdb0db6a426a3e19839 .entry-meta {\n  margin-bottom: 15px;\n}\n.blog-shortcode.blog-masonry-shortcode-id-71cb25dba7e3fcdb0db6a426a3e19839 .portfolio-categories {\n  margin-bottom: 15px;\n}\n.blog-shortcode.blog-masonry-shortcode-id-71cb25dba7e3fcdb0db6a426a3e19839 .entry-excerpt {\n  margin-bottom: 5px;\n}\n.blog-shortcode.blog-masonry-shortcode-id-71cb25dba7e3fcdb0db6a426a3e19839:not(.centered-layout-list) .post-entry-content {\n  padding: 25px 30px 30px 30px;\n}\n.blog-shortcode.blog-masonry-shortcode-id-71cb25dba7e3fcdb0db6a426a3e19839:not(.centered-layout-list):not(.content-bg-on):not(.mode-list) .no-img .post-entry-content {\n  padding: 0;\n}\n@media screen and (max-width: ) {\n  .blog-shortcode.blog-masonry-shortcode-id-71cb25dba7e3fcdb0db6a426a3e19839 article {\n    -ms-flex-flow: column nowrap;\n    flex-flow: column nowrap;\n    margin-top: 20px;\n  }\n  .blog-shortcode.blog-masonry-shortcode-id-71cb25dba7e3fcdb0db6a426a3e19839.dividers-on article {\n    border: none;\n  }\n  .blog-shortcode.blog-masonry-shortcode-id-71cb25dba7e3fcdb0db6a426a3e19839.content-bg-on.centered-layout-list article {\n    padding: 0;\n  }\n  .blog-shortcode.blog-masonry-shortcode-id-71cb25dba7e3fcdb0db6a426a3e19839.blog-shortcode.dividers-on article,\n  .blog-shortcode.blog-masonry-shortcode-id-71cb25dba7e3fcdb0db6a426a3e19839.dividers-on.classic-layout-list article {\n    margin-top: 20px;\n    padding: 0;\n  }\n  .blog-shortcode.blog-masonry-shortcode-id-71cb25dba7e3fcdb0db6a426a3e19839.blog-shortcode.dividers-on article:first-of-type,\n  .blog-shortcode.blog-masonry-shortcode-id-71cb25dba7e3fcdb0db6a426a3e19839.dividers-on.classic-layout-list article:first-of-type {\n    padding: 0;\n  }\n  #page .blog-shortcode.blog-masonry-shortcode-id-71cb25dba7e3fcdb0db6a426a3e19839 .post-thumbnail-wrap,\n  #page .blog-shortcode.blog-masonry-shortcode-id-71cb25dba7e3fcdb0db6a426a3e19839 .post-entry-content {\n    width: 100%;\n    margin: 0;\n    top: 0;\n  }\n  #page .blog-shortcode.blog-masonry-shortcode-id-71cb25dba7e3fcdb0db6a426a3e19839 .post-thumbnail-wrap {\n    padding: 0;\n  }\n  #page .blog-shortcode.blog-masonry-shortcode-id-71cb25dba7e3fcdb0db6a426a3e19839 .post-entry-content:after {\n    display: none;\n  }\n  #page .blog-shortcode.blog-masonry-shortcode-id-71cb25dba7e3fcdb0db6a426a3e19839 .project-even .post-thumbnail-wrap,\n  #page .blog-shortcode.blog-masonry-shortcode-id-71cb25dba7e3fcdb0db6a426a3e19839.centered-layout-list .post-thumbnail-wrap {\n    -ms-flex-order: 0;\n    order: 0;\n  }\n  #page .blog-shortcode.blog-masonry-shortcode-id-71cb25dba7e3fcdb0db6a426a3e19839.centered-layout-list .post-entry-title-content {\n    -ms-flex-order: 1;\n    order: 1;\n    width: 100%;\n    padding: 20px 20px 0;\n  }\n  #page .blog-shortcode.blog-masonry-shortcode-id-71cb25dba7e3fcdb0db6a426a3e19839.centered-layout-list .post-entry-content {\n    -ms-flex-order: 2;\n    order: 2;\n    padding-top: 0;\n  }\n  #page .blog-shortcode.blog-masonry-shortcode-id-71cb25dba7e3fcdb0db6a426a3e19839 .fancy-categories {\n    top: 10px;\n    left: 10px;\n    bottom: auto;\n    right: auto;\n  }\n  #page .blog-shortcode.blog-masonry-shortcode-id-71cb25dba7e3fcdb0db6a426a3e19839 .fancy-date a {\n    top: 10px;\n    right: 10px;\n    left: auto;\n    bottom: auto;\n  }\n  #page .blog-shortcode.blog-masonry-shortcode-id-71cb25dba7e3fcdb0db6a426a3e19839 .post-entry-content {\n    padding: 20px;\n  }\n  #page .blog-shortcode.blog-masonry-shortcode-id-71cb25dba7e3fcdb0db6a426a3e19839 .entry-title {\n    margin: 3px 0 5px;\n    font-size: 20px;\n    line-height: 26px;\n  }\n  #page .blog-shortcode.blog-masonry-shortcode-id-71cb25dba7e3fcdb0db6a426a3e19839 .entry-meta {\n    margin: 5px 0 5px;\n  }\n  #page .blog-shortcode.blog-masonry-shortcode-id-71cb25dba7e3fcdb0db6a426a3e19839 .entry-excerpt {\n    margin: 15px 0 0;\n  }\n  #page .blog-shortcode.blog-masonry-shortcode-id-71cb25dba7e3fcdb0db6a426a3e19839 .post-details {\n    margin: 5px 0 10px;\n  }\n  #page .blog-shortcode.blog-masonry-shortcode-id-71cb25dba7e3fcdb0db6a426a3e19839 .post-details.details-type-link {\n    margin-bottom: 2px;\n  }\n}\n.blog-shortcode.blog-masonry-shortcode-id-71cb25dba7e3fcdb0db6a426a3e19839:not(.resize-by-browser-width) .dt-css-grid {\n  grid-row-gap: 30px;\n  grid-column-gap: 30px;\n  grid-template-columns: repeat(auto-fill,minmax(,1fr));\n}\n.blog-shortcode.blog-masonry-shortcode-id-71cb25dba7e3fcdb0db6a426a3e19839:not(.resize-by-browser-width) .dt-css-grid .double-width {\n  grid-column: span 2;\n}\n.cssgridlegacy.no-cssgrid .blog-shortcode.blog-masonry-shortcode-id-71cb25dba7e3fcdb0db6a426a3e19839:not(.resize-by-browser-width) .dt-css-grid,\n.no-cssgridlegacy.no-cssgrid .blog-shortcode.blog-masonry-shortcode-id-71cb25dba7e3fcdb0db6a426a3e19839:not(.resize-by-browser-width) .dt-css-grid {\n  display: flex;\n  flex-flow: row wrap;\n  margin: -15px;\n}\n.cssgridlegacy.no-cssgrid .blog-shortcode.blog-masonry-shortcode-id-71cb25dba7e3fcdb0db6a426a3e19839:not(.resize-by-browser-width) .dt-css-grid .wf-cell,\n.no-cssgridlegacy.no-cssgrid .blog-shortcode.blog-masonry-shortcode-id-71cb25dba7e3fcdb0db6a426a3e19839:not(.resize-by-browser-width) .dt-css-grid .wf-cell {\n  flex: 1 0 ;\n  max-width: 100%;\n  padding: 15px;\n  box-sizing: border-box;\n}\n.blog-shortcode.blog-masonry-shortcode-id-71cb25dba7e3fcdb0db6a426a3e19839.resize-by-browser-width .dt-css-grid {\n  grid-template-columns: repeat(2,1fr);\n  grid-template-rows: auto;\n  grid-column-gap: 30px;\n  grid-row-gap: 30px;\n}\n.blog-shortcode.blog-masonry-shortcode-id-71cb25dba7e3fcdb0db6a426a3e19839.resize-by-browser-width .dt-css-grid .double-width {\n  grid-column: span 2;\n}\n.cssgridlegacy.no-cssgrid .blog-shortcode.blog-masonry-shortcode-id-71cb25dba7e3fcdb0db6a426a3e19839.resize-by-browser-width .dt-css-grid {\n  margin: -15px;\n}\n.cssgridlegacy.no-cssgrid .blog-shortcode.blog-masonry-shortcode-id-71cb25dba7e3fcdb0db6a426a3e19839.resize-by-browser-width .dt-css-grid .wf-cell {\n  width: 50%;\n  padding: 15px;\n}\n.cssgridlegacy.no-cssgrid .blog-shortcode.blog-masonry-shortcode-id-71cb25dba7e3fcdb0db6a426a3e19839.resize-by-browser-width .dt-css-grid .wf-cell.double-width {\n  width: calc(50%) * 2;\n}\n.blog-shortcode.blog-masonry-shortcode-id-71cb25dba7e3fcdb0db6a426a3e19839.resize-by-browser-width:not(.centered-layout-list):not(.content-bg-on) .dt-css-grid {\n  grid-row-gap: 0px;\n}\n@media screen and (max-width: 1199px) {\n  .blog-shortcode.blog-masonry-shortcode-id-71cb25dba7e3fcdb0db6a426a3e19839.resize-by-browser-width .dt-css-grid {\n    grid-template-columns: repeat(2,1fr);\n  }\n  .cssgridlegacy.no-cssgrid .blog-shortcode.blog-masonry-shortcode-id-71cb25dba7e3fcdb0db6a426a3e19839.resize-by-browser-width .dt-css-grid .wf-cell,\n  .no-cssgridlegacy.no-cssgrid .blog-shortcode.blog-masonry-shortcode-id-71cb25dba7e3fcdb0db6a426a3e19839.resize-by-browser-width .dt-css-grid .wf-cell {\n    width: 50%;\n  }\n  .cssgridlegacy.no-cssgrid .blog-shortcode.blog-masonry-shortcode-id-71cb25dba7e3fcdb0db6a426a3e19839.resize-by-browser-width .dt-css-grid .wf-cell.double-width,\n  .no-cssgridlegacy.no-cssgrid .blog-shortcode.blog-masonry-shortcode-id-71cb25dba7e3fcdb0db6a426a3e19839.resize-by-browser-width .dt-css-grid .wf-cell.double-width {\n    width: calc(50%)*2;\n  }\n}\n@media screen and (max-width: 991px) {\n  .blog-shortcode.blog-masonry-shortcode-id-71cb25dba7e3fcdb0db6a426a3e19839.resize-by-browser-width .dt-css-grid {\n    grid-template-columns: repeat(1,1fr);\n  }\n  .cssgridlegacy.no-cssgrid .blog-shortcode.blog-masonry-shortcode-id-71cb25dba7e3fcdb0db6a426a3e19839.resize-by-browser-width .dt-css-grid .wf-cell,\n  .no-cssgridlegacy.no-cssgrid .blog-shortcode.blog-masonry-shortcode-id-71cb25dba7e3fcdb0db6a426a3e19839.resize-by-browser-width .dt-css-grid .wf-cell {\n    width: 100%;\n  }\n  .cssgridlegacy.no-cssgrid .blog-shortcode.blog-masonry-shortcode-id-71cb25dba7e3fcdb0db6a426a3e19839.resize-by-browser-width .dt-css-grid .wf-cell.double-width,\n  .no-cssgridlegacy.no-cssgrid .blog-shortcode.blog-masonry-shortcode-id-71cb25dba7e3fcdb0db6a426a3e19839.resize-by-browser-width .dt-css-grid .wf-cell.double-width {\n    width: calc(100%)*2;\n  }\n}\n@media screen and (max-width: 767px) {\n  .blog-shortcode.blog-masonry-shortcode-id-71cb25dba7e3fcdb0db6a426a3e19839.resize-by-browser-width .dt-css-grid {\n    grid-template-columns: repeat(1,1fr);\n  }\n  .blog-shortcode.blog-masonry-shortcode-id-71cb25dba7e3fcdb0db6a426a3e19839.resize-by-browser-width .dt-css-grid .double-width {\n    grid-column: span 1;\n  }\n  .cssgridlegacy.no-cssgrid .blog-shortcode.blog-masonry-shortcode-id-71cb25dba7e3fcdb0db6a426a3e19839.resize-by-browser-width .dt-css-grid .wf-cell,\n  .no-cssgridlegacy.no-cssgrid .blog-shortcode.blog-masonry-shortcode-id-71cb25dba7e3fcdb0db6a426a3e19839.resize-by-browser-width .dt-css-grid .wf-cell {\n    width: 100%;\n  }\n  .cssgridlegacy.no-cssgrid .blog-shortcode.blog-masonry-shortcode-id-71cb25dba7e3fcdb0db6a426a3e19839.resize-by-browser-width .dt-css-grid .wf-cell.double-width,\n  .no-cssgridlegacy.no-cssgrid .blog-shortcode.blog-masonry-shortcode-id-71cb25dba7e3fcdb0db6a426a3e19839.resize-by-browser-width .dt-css-grid .wf-cell.double-width {\n    width: calc(100%)*2;\n  }\n}<\/style><div class=\"blog-shortcode blog-masonry-shortcode-id-71cb25dba7e3fcdb0db6a426a3e19839 mode-grid classic-layout-list content-bg-on jquery-filter scale-img dt-css-grid-wrap dt-icon-bg-off resize-by-browser-width loading-effect-none description-under-image \" data-padding=\"15px\" data-cur-page=\"1\" data-post-limit=\"-1\" data-pagination-mode=\"none\" data-desktop-columns-num=\"2\" data-v-tablet-columns-num=\"1\" data-h-tablet-columns-num=\"2\" data-phone-columns-num=\"1\" data-width=\"0px\" data-columns=\"0\"><div class=\"dt-css-grid\" ><div class=\"visible wf-cell\" data-post-id=\"31773\" data-date=\"2019-09-15T20:35:03+00:00\" data-name=\"Peter Ries und Roland Bone produzieren Musik f\u00fcr den Trailer des neuen Films von Philipp Eichholtz\"><article class=\"post project-odd visible post-31773 type-post status-publish format-standard has-post-thumbnail hentry category-film category-filmproduktion category-kim-hat-einen-penis category-musik category-musik-supervisor category-musikproduktion category-news tag-kim-hat-einen-penis tag-music-superviser tag-musikproduktion tag-peter-ries tag-philipp-eichholtz tag-roland-bone tag-synch-rechte category-5545 category-8 category-5217 category-5408 category-5532 category-5531 category-13\" data-name=\"Peter Ries und Roland Bone produzieren Musik f\u00fcr den Trailer des neuen Films von Philipp Eichholtz\" data-date=\"2019-09-15T20:35:03+00:00\">\n\n<div class=\"post-thumbnail-wrap\">\n\t<div class=\"post-thumbnail\">\n\t\t\n\t\t\n\t\t<a href=\"https:\/\/ucmp.de\/de\/peter-ries-und-roland-bone-produzieren-musik-fuer-den-trailer-des-neuen-films-von-philipp-eichholtz\/\" class=\"post-thumbnail-rollover layzr-bg layzr-bg\" ><img decoding=\"async\" class=\"iso-lazy-load preload-me iso-lazy-load aspect\" src=\"data:image\/svg+xml,%3Csvg%20xmlns%3D&#39;http%3A%2F%2Fwww.w3.org%2F2000%2Fsvg&#39;%20viewBox%3D&#39;0%200%20990%20309&#39;%2F%3E\" data-src=\"https:\/\/ucmp.de\/wp-content\/uploads\/2020\/09\/Kim-hat-einen-Penis-Banner-990x309.jpg\" data-srcset=\"https:\/\/ucmp.de\/wp-content\/uploads\/2020\/09\/Kim-hat-einen-Penis-Banner-990x309.jpg 990w, https:\/\/ucmp.de\/wp-content\/uploads\/2020\/09\/Kim-hat-einen-Penis-Banner-1485x464.jpg 1485w\" loading=\"eager\" style=\"--ratio: 990 \/ 309\" sizes=\"(max-width: 990px) 100vw, 990px\" alt=\"\" title=\"Kim hat einen Penis &#8211; Banner\" width=\"990\" height=\"309\"  \/><\/a>\t<\/div>\n<\/div>\n\n\n<div class=\"post-entry-content\">\n\n\t<h3 class=\"entry-title\">\n\t\t<a href=\"https:\/\/ucmp.de\/de\/peter-ries-und-roland-bone-produzieren-musik-fuer-den-trailer-des-neuen-films-von-philipp-eichholtz\/\" title=\"Peter Ries und Roland Bone produzieren Musik f\u00fcr den Trailer des neuen Films von Philipp Eichholtz\" rel=\"bookmark\">Peter Ries und Roland Bone produzieren Musik f\u00fcr den Trailer des neuen Films von Philipp Eichholtz<\/a>\n\t<\/h3>\n\n\t<div class=\"entry-meta\"><span class=\"category-link\"><a href=\"https:\/\/ucmp.de\/de\/category\/news\/film\/\" >Film<\/a>, <a href=\"https:\/\/ucmp.de\/de\/category\/news\/filmproduktion\/\" >Filmproduktion<\/a>, <a href=\"https:\/\/ucmp.de\/de\/category\/news\/filmproduktion\/kim-hat-einen-penis\/\" >Kim hat einen Penis<\/a>, <a href=\"https:\/\/ucmp.de\/de\/category\/news\/musik\/\" >Musik<\/a>, <a href=\"https:\/\/ucmp.de\/de\/category\/news\/musik\/musik-supervisor\/\" >Musik-Supervisor<\/a>, <a href=\"https:\/\/ucmp.de\/de\/category\/news\/musik\/musikproduktion\/\" >Musikproduktion<\/a>, <a href=\"https:\/\/ucmp.de\/de\/category\/news\/\" >News<\/a><\/span><a class=\"author vcard\" href=\"\" title=\"Zeige alle Beitr\u00e4ge von Joachim Keil\" rel=\"author\">Von <span class=\"fn\">Joachim Keil<\/span><\/a><a href=\"https:\/\/ucmp.de\/de\/2019\/09\/15\/\" title=\"20:35\" class=\"data-link\" rel=\"bookmark\"><time class=\"entry-date updated\" datetime=\"2019-09-15T20:35:03+00:00\">15. September 2019<\/time><\/a><\/div>\n\t<div class=\"entry-excerpt\"><p>[vc_row][vc_column][vc_column_text]Peter Ries und Roland Bone schreiben und produzieren die Musik\u00a0f\u00fcr den Trailer des Films &#8220;Kim hat einen Penis&#8221; (erster Titel des Trailers) von Philipp Eichholtz.[\/vc_column_text][vc_column_text] Inhaltsangabe: Wie geht Beziehung? Was passiert, wenn die eigene Freundin pl\u00f6tzlich einen Penis hat? Und ist Liebe am Ende doch nur f\u00fcr Idioten? Kim und Andreas sind eigentlich ziemlich gl\u00fccklich&hellip;<\/p>\n<\/div>\n\t\n<a href=\"https:\/\/ucmp.de\/de\/peter-ries-und-roland-bone-produzieren-musik-fuer-den-trailer-des-neuen-films-von-philipp-eichholtz\/\" class=\"post-details details-type-link\" aria-label=\"Read more about Peter Ries und Roland Bone produzieren Musik f\u00fcr den Trailer des neuen Films von Philipp Eichholtz\">Mehr lesen<i class=\"dt-icon-the7-arrow-03\" aria-hidden=\"true\"><\/i><\/a>\n\n<\/div><\/article><\/div><div class=\"visible wf-cell\" data-post-id=\"30998\" data-date=\"2019-06-13T20:30:59+00:00\" data-name=\"&quot;Kim hat einen Penis&quot; von Philipp Eichholtz ab heute in den Kinos\"><article class=\"post project-odd visible post-30998 type-post status-publish format-standard has-post-thumbnail hentry category-film category-filmproduktion category-kim-hat-einen-penis category-news tag-christian-ehrich tag-darling-berlin tag-everything-always-all-the-time-2 tag-hans-heinrich-hardt tag-joachim-keil tag-kim-hat-einen-penis tag-lana-cooper tag-lilli-meinhardt tag-martina-schoene-radunski tag-matthias-lier tag-maxi-rosenheinrich tag-oliver-jerke tag-philipp-eichholtz tag-sebastian-fraesdorf tag-stella-hilb tag-ucm-one tag-von-oma-gefoerdert category-5545 category-8 category-5217 category-13\" data-name=\"&#8220;Kim hat einen Penis&#8221; von Philipp Eichholtz ab heute in den Kinos\" data-date=\"2019-06-13T20:30:59+00:00\">\n\n<div class=\"post-thumbnail-wrap\">\n\t<div class=\"post-thumbnail\">\n\t\t\n\t\t\n\t\t<a href=\"https:\/\/ucmp.de\/de\/kim-hat-einen-penis-von-philipp-eichholtz-ab-heute-in-den-kinos\/\" class=\"post-thumbnail-rollover layzr-bg layzr-bg\" ><img decoding=\"async\" class=\"iso-lazy-load preload-me iso-lazy-load aspect\" src=\"data:image\/svg+xml,%3Csvg%20xmlns%3D&#39;http%3A%2F%2Fwww.w3.org%2F2000%2Fsvg&#39;%20viewBox%3D&#39;0%200%20990%20309&#39;%2F%3E\" data-src=\"https:\/\/ucmp.de\/wp-content\/uploads\/2019\/06\/B-Kim-Premiere-1906-990x309.jpg\" data-srcset=\"https:\/\/ucmp.de\/wp-content\/uploads\/2019\/06\/B-Kim-Premiere-1906-990x309.jpg 990w, https:\/\/ucmp.de\/wp-content\/uploads\/2019\/06\/B-Kim-Premiere-1906-1485x464.jpg 1485w\" loading=\"eager\" style=\"--ratio: 990 \/ 309\" sizes=\"(max-width: 990px) 100vw, 990px\" alt=\"\" title=\"B Kim Premiere 1906\" width=\"990\" height=\"309\"  \/><\/a>\t<\/div>\n<\/div>\n\n\n<div class=\"post-entry-content\">\n\n\t<h3 class=\"entry-title\">\n\t\t<a href=\"https:\/\/ucmp.de\/de\/kim-hat-einen-penis-von-philipp-eichholtz-ab-heute-in-den-kinos\/\" title=\"&#8220;Kim hat einen Penis&#8221; von Philipp Eichholtz ab heute in den Kinos\" rel=\"bookmark\">&#8220;Kim hat einen Penis&#8221; von Philipp Eichholtz ab heute in den Kinos<\/a>\n\t<\/h3>\n\n\t<div class=\"entry-meta\"><span class=\"category-link\"><a href=\"https:\/\/ucmp.de\/de\/category\/news\/film\/\" >Film<\/a>, <a href=\"https:\/\/ucmp.de\/de\/category\/news\/filmproduktion\/\" >Filmproduktion<\/a>, <a href=\"https:\/\/ucmp.de\/de\/category\/news\/filmproduktion\/kim-hat-einen-penis\/\" >Kim hat einen Penis<\/a>, <a href=\"https:\/\/ucmp.de\/de\/category\/news\/\" >News<\/a><\/span><a class=\"author vcard\" href=\"\" title=\"Zeige alle Beitr\u00e4ge von Joachim Keil\" rel=\"author\">Von <span class=\"fn\">Joachim Keil<\/span><\/a><a href=\"https:\/\/ucmp.de\/de\/2019\/06\/13\/\" title=\"20:30\" class=\"data-link\" rel=\"bookmark\"><time class=\"entry-date updated\" datetime=\"2019-06-13T20:30:59+00:00\">13. Juni 2019<\/time><\/a><\/div>\n\t<div class=\"entry-excerpt\"><p>[vc_row][vc_column width=&#8221;2\/3&#8243;][vc_column_text]Der neue Film von Philipp Eichholtz &#8220;Kim hat einen Penis&#8221; startet heute in den deutschen Kinos. Am Abend feiert das Filmteam mit dem Filmlabel Darling Berlin und dem Verleiher UCM.ONE den Start ab 20.30 Uhr im Cineplex Berlin-Neuk\u00f6lln. Die Kom\u00f6die erz\u00e4hlt die Geschichte der jungen Pilotin Kim (Martina Sch\u00f6ne-Radunski), die sich aus einer Laune&hellip;<\/p>\n<\/div>\n\t\n<a href=\"https:\/\/ucmp.de\/de\/kim-hat-einen-penis-von-philipp-eichholtz-ab-heute-in-den-kinos\/\" class=\"post-details details-type-link\" aria-label=\"Read more about &#8220;Kim hat einen Penis&#8221; von Philipp Eichholtz ab heute in den Kinos\">Mehr lesen<i class=\"dt-icon-the7-arrow-03\" aria-hidden=\"true\"><\/i><\/a>\n\n<\/div><\/article><\/div><div class=\"visible wf-cell\" data-post-id=\"30650\" data-date=\"2019-05-07T18:43:17+00:00\" data-name=\"Kim hat einen Penis&quot; von Philipp Eichholtz beim 16. Neisse Filmfestival\"><article class=\"post project-odd visible post-30650 type-post status-publish format-standard has-post-thumbnail hentry category-film category-filmproduktion category-kim-hat-einen-penis category-news tag-christian-ehrich tag-darling-berlin tag-hans-heinrich-hardt tag-joachim-keil tag-kim-hat-einen-penis tag-lana-cooper tag-lilli-meinhardt tag-martina-schoene-radunski tag-matthias-lier tag-neisse-filmfestival tag-oliver-jerke tag-philipp-eichholtz tag-sebastian-fraesdorf tag-stella-hilb category-5545 category-8 category-5217 category-13\" data-name=\"Kim hat einen Penis&#8221; von Philipp Eichholtz beim 16. Neisse Filmfestival\" data-date=\"2019-05-07T18:43:17+00:00\">\n\n<div class=\"post-thumbnail-wrap\">\n\t<div class=\"post-thumbnail\">\n\t\t\n\t\t\n\t\t<a href=\"https:\/\/ucmp.de\/de\/kim-hat-einen-penis-von-philipp-eichholtz-beim-16-neisse-filmfestival\/\" class=\"post-thumbnail-rollover layzr-bg layzr-bg\" ><img decoding=\"async\" class=\"iso-lazy-load preload-me iso-lazy-load aspect\" src=\"data:image\/svg+xml,%3Csvg%20xmlns%3D&#39;http%3A%2F%2Fwww.w3.org%2F2000%2Fsvg&#39;%20viewBox%3D&#39;0%200%20990%20309&#39;%2F%3E\" data-src=\"https:\/\/ucmp.de\/wp-content\/uploads\/2019\/05\/B-Kim-hat-einen-Penis-190508-990x309.jpg\" data-srcset=\"https:\/\/ucmp.de\/wp-content\/uploads\/2019\/05\/B-Kim-hat-einen-Penis-190508-990x309.jpg 990w, https:\/\/ucmp.de\/wp-content\/uploads\/2019\/05\/B-Kim-hat-einen-Penis-190508-1485x464.jpg 1485w\" loading=\"eager\" style=\"--ratio: 990 \/ 309\" sizes=\"(max-width: 990px) 100vw, 990px\" alt=\"\" title=\"B-Kim-hat-einen-Penis-190508\" width=\"990\" height=\"309\"  \/><\/a>\t<\/div>\n<\/div>\n\n\n<div class=\"post-entry-content\">\n\n\t<h3 class=\"entry-title\">\n\t\t<a href=\"https:\/\/ucmp.de\/de\/kim-hat-einen-penis-von-philipp-eichholtz-beim-16-neisse-filmfestival\/\" title=\"Kim hat einen Penis&#8221; von Philipp Eichholtz beim 16. Neisse Filmfestival\" rel=\"bookmark\">Kim hat einen Penis&#8221; von Philipp Eichholtz beim 16. Neisse Filmfestival<\/a>\n\t<\/h3>\n\n\t<div class=\"entry-meta\"><span class=\"category-link\"><a href=\"https:\/\/ucmp.de\/de\/category\/news\/film\/\" >Film<\/a>, <a href=\"https:\/\/ucmp.de\/de\/category\/news\/filmproduktion\/\" >Filmproduktion<\/a>, <a href=\"https:\/\/ucmp.de\/de\/category\/news\/filmproduktion\/kim-hat-einen-penis\/\" >Kim hat einen Penis<\/a>, <a href=\"https:\/\/ucmp.de\/de\/category\/news\/\" >News<\/a><\/span><a class=\"author vcard\" href=\"\" title=\"Zeige alle Beitr\u00e4ge von Joachim Keil\" rel=\"author\">Von <span class=\"fn\">Joachim Keil<\/span><\/a><a href=\"https:\/\/ucmp.de\/de\/2019\/05\/07\/\" title=\"18:43\" class=\"data-link\" rel=\"bookmark\"><time class=\"entry-date updated\" datetime=\"2019-05-07T18:43:17+00:00\">7. Mai 2019<\/time><\/a><\/div>\n\t<div class=\"entry-excerpt\"><p>[vc_row][vc_column][vc_column_text] Gut einen Monat vor Kinostart (13.6.2019) hat der neue Film von Philipp Eichholtz &#8220;Kim hat einen Penis&#8221; (Darling Berlin) zwei Auff\u00fchrungen beim 16. Neisse Filmfestival. In der Sektion &#8220;Deutsches Fenster&#8221; l\u00e4uft der Film am Mittwoch, 8.5. um 20 Uhr im Zittauer Kino Emil und am Freitag 10.5. um 20 Uhr im KunstBauerKino in Gro\u00dfhennersdorf.&hellip;<\/p>\n<\/div>\n\t\n<a href=\"https:\/\/ucmp.de\/de\/kim-hat-einen-penis-von-philipp-eichholtz-beim-16-neisse-filmfestival\/\" class=\"post-details details-type-link\" aria-label=\"Read more about Kim hat einen Penis&#8221; von Philipp Eichholtz beim 16. Neisse Filmfestival\">Mehr lesen<i class=\"dt-icon-the7-arrow-03\" aria-hidden=\"true\"><\/i><\/a>\n\n<\/div><\/article><\/div><div class=\"visible wf-cell\" data-post-id=\"29964\" data-date=\"2019-04-10T09:07:23+00:00\" data-name=\"\u201eKim hat einen Penis\u201c von Philipp Eichholtz hat 15. achtung berlin Festival feierlich er\u00f6ffnet\"><article class=\"post project-odd visible post-29964 type-post status-publish format-standard has-post-thumbnail hentry category-film category-filmproduktion category-kim-hat-einen-penis category-news tag-15-achtung-berlin tag-achtung-berlin tag-christian-ehrich tag-christian-gaebler tag-darling-berlin tag-hans-heinrich-hardt tag-joachim-keil tag-kim-hat-einen-penis tag-lana-cooper tag-lilli-meinhardt tag-martina-schoene-radunski tag-matthias-lier tag-maxi-rosenheinrich tag-new-berlin-film-award tag-oliver-jerke tag-philipp-eichholtz tag-sebastian-fraesdorf tag-stella-hilb tag-ucmp tag-von-oma-gefoerdert category-5545 category-8 category-5217 category-13\" data-name=\"\u201eKim hat einen Penis\u201c von Philipp Eichholtz hat 15. achtung berlin Festival feierlich er\u00f6ffnet\" data-date=\"2019-04-10T09:07:23+00:00\">\n\n<div class=\"post-thumbnail-wrap\">\n\t<div class=\"post-thumbnail\">\n\t\t\n\t\t\n\t\t<a href=\"https:\/\/ucmp.de\/de\/kim-hat-einen-penis-von-philipp-eichholtz-hat-15-achtung-berlin-festival-feierlich-eroffnet\/\" class=\"post-thumbnail-rollover layzr-bg layzr-bg\" ><img decoding=\"async\" class=\"iso-lazy-load preload-me iso-lazy-load aspect\" src=\"data:image\/svg+xml,%3Csvg%20xmlns%3D&#39;http%3A%2F%2Fwww.w3.org%2F2000%2Fsvg&#39;%20viewBox%3D&#39;0%200%20990%20309&#39;%2F%3E\" data-src=\"https:\/\/ucmp.de\/wp-content\/uploads\/2019\/04\/B-Kim-achtung-II-1-990x309.jpg\" data-srcset=\"https:\/\/ucmp.de\/wp-content\/uploads\/2019\/04\/B-Kim-achtung-II-1-990x309.jpg 990w, https:\/\/ucmp.de\/wp-content\/uploads\/2019\/04\/B-Kim-achtung-II-1-1485x464.jpg 1485w\" loading=\"eager\" style=\"--ratio: 990 \/ 309\" sizes=\"(max-width: 990px) 100vw, 990px\" alt=\"\" title=\"B-Kim-achtung-II\" width=\"990\" height=\"309\"  \/><\/a>\t<\/div>\n<\/div>\n\n\n<div class=\"post-entry-content\">\n\n\t<h3 class=\"entry-title\">\n\t\t<a href=\"https:\/\/ucmp.de\/de\/kim-hat-einen-penis-von-philipp-eichholtz-hat-15-achtung-berlin-festival-feierlich-eroffnet\/\" title=\"\u201eKim hat einen Penis\u201c von Philipp Eichholtz hat 15. achtung berlin Festival feierlich er\u00f6ffnet\" rel=\"bookmark\">\u201eKim hat einen Penis\u201c von Philipp Eichholtz hat 15. achtung berlin Festival feierlich er\u00f6ffnet<\/a>\n\t<\/h3>\n\n\t<div class=\"entry-meta\"><span class=\"category-link\"><a href=\"https:\/\/ucmp.de\/de\/category\/news\/film\/\" >Film<\/a>, <a href=\"https:\/\/ucmp.de\/de\/category\/news\/filmproduktion\/\" >Filmproduktion<\/a>, <a href=\"https:\/\/ucmp.de\/de\/category\/news\/filmproduktion\/kim-hat-einen-penis\/\" >Kim hat einen Penis<\/a>, <a href=\"https:\/\/ucmp.de\/de\/category\/news\/\" >News<\/a><\/span><a class=\"author vcard\" href=\"\" title=\"Zeige alle Beitr\u00e4ge von Joachim Keil\" rel=\"author\">Von <span class=\"fn\">Joachim Keil<\/span><\/a><a href=\"https:\/\/ucmp.de\/de\/2019\/04\/10\/\" title=\"09:07\" class=\"data-link\" rel=\"bookmark\"><time class=\"entry-date updated\" datetime=\"2019-04-10T09:07:23+00:00\">10. April 2019<\/time><\/a><\/div>\n\t<div class=\"entry-excerpt\"><p>[vc_row][vc_column][vc_column_text]Vor 600 begeisterten Zuschauern ist am Mittwochabend mit dem neuen Film von Philipp Eichholtz \u201eKim hat einen Penis\u201c (Darling Berlin) im Kino International der 15. achtung berlin &#8211; new berlin film award gestartet.\u00a0Bis zum 17. April laufen in sieben Berliner Locations in sieben Wettbewerben 77 Filme aus Berlin und Brandenburg.[\/vc_column_text][\/vc_column][\/vc_row][vc_row][vc_column][vc_column_text]Philipp Eichholtz pr\u00e4sentierte neben seinen Hautdarstellern&hellip;<\/p>\n<\/div>\n\t\n<a href=\"https:\/\/ucmp.de\/de\/kim-hat-einen-penis-von-philipp-eichholtz-hat-15-achtung-berlin-festival-feierlich-eroffnet\/\" class=\"post-details details-type-link\" aria-label=\"Read more about \u201eKim hat einen Penis\u201c von Philipp Eichholtz hat 15. achtung berlin Festival feierlich er\u00f6ffnet\">Mehr lesen<i class=\"dt-icon-the7-arrow-03\" aria-hidden=\"true\"><\/i><\/a>\n\n<\/div><\/article><\/div><div class=\"visible wf-cell\" data-post-id=\"28373\" data-date=\"2019-02-25T16:28:22+00:00\" data-name=\"&quot;Kim hat einen Penis&quot; er\u00f6ffnet das Filmfestival achtung berlin 2019\"><article class=\"post project-odd visible post-28373 type-post status-publish format-standard has-post-thumbnail hentry category-film category-filmproduktion category-kim-hat-einen-penis category-news tag-15-achtung-berlin tag-achtung-berlin tag-berlin tag-christian-ehrich tag-darling-berlin tag-everything-always-all-the-time-2 tag-hans-heinrich-hardt tag-joachim-keil tag-kim-hat-einen-penis tag-lana-cooper tag-lilli-meinhardt tag-martina-schoene-radunski tag-matthias-lier tag-maxi-rosenheinrich tag-oliver-jerke tag-philipp-eichholtz tag-sebastian-fraesdorf tag-stella-hilb category-5545 category-8 category-5217 category-13\" data-name=\"&#8220;Kim hat einen Penis&#8221; er\u00f6ffnet das Filmfestival achtung berlin 2019\" data-date=\"2019-02-25T16:28:22+00:00\">\n\n<div class=\"post-thumbnail-wrap\">\n\t<div class=\"post-thumbnail\">\n\t\t\n\t\t\n\t\t<a href=\"https:\/\/ucmp.de\/de\/kim-hat-einen-penis-eroffnet-das-filmfestival-achtung-berlin-2019\/\" class=\"post-thumbnail-rollover layzr-bg layzr-bg\" ><img decoding=\"async\" class=\"iso-lazy-load preload-me iso-lazy-load aspect\" src=\"data:image\/svg+xml,%3Csvg%20xmlns%3D&#39;http%3A%2F%2Fwww.w3.org%2F2000%2Fsvg&#39;%20viewBox%3D&#39;0%200%20990%20309&#39;%2F%3E\" data-src=\"https:\/\/ucmp.de\/wp-content\/uploads\/2019\/02\/TN-Kim-hat-einen-Penis-190228-1-990x309.jpg\" data-srcset=\"https:\/\/ucmp.de\/wp-content\/uploads\/2019\/02\/TN-Kim-hat-einen-Penis-190228-1-990x309.jpg 990w, https:\/\/ucmp.de\/wp-content\/uploads\/2019\/02\/TN-Kim-hat-einen-Penis-190228-1-1485x464.jpg 1485w\" loading=\"eager\" style=\"--ratio: 990 \/ 309\" sizes=\"(max-width: 990px) 100vw, 990px\" alt=\"\" title=\"TN-Kim-hat-einen-Penis-190228\" width=\"990\" height=\"309\"  \/><\/a>\t<\/div>\n<\/div>\n\n\n<div class=\"post-entry-content\">\n\n\t<h3 class=\"entry-title\">\n\t\t<a href=\"https:\/\/ucmp.de\/de\/kim-hat-einen-penis-eroffnet-das-filmfestival-achtung-berlin-2019\/\" title=\"&#8220;Kim hat einen Penis&#8221; er\u00f6ffnet das Filmfestival achtung berlin 2019\" rel=\"bookmark\">&#8220;Kim hat einen Penis&#8221; er\u00f6ffnet das Filmfestival achtung berlin 2019<\/a>\n\t<\/h3>\n\n\t<div class=\"entry-meta\"><span class=\"category-link\"><a href=\"https:\/\/ucmp.de\/de\/category\/news\/film\/\" >Film<\/a>, <a href=\"https:\/\/ucmp.de\/de\/category\/news\/filmproduktion\/\" >Filmproduktion<\/a>, <a href=\"https:\/\/ucmp.de\/de\/category\/news\/filmproduktion\/kim-hat-einen-penis\/\" >Kim hat einen Penis<\/a>, <a href=\"https:\/\/ucmp.de\/de\/category\/news\/\" >News<\/a><\/span><a class=\"author vcard\" href=\"\" title=\"Zeige alle Beitr\u00e4ge von Joachim Keil\" rel=\"author\">Von <span class=\"fn\">Joachim Keil<\/span><\/a><a href=\"https:\/\/ucmp.de\/de\/2019\/02\/25\/\" title=\"16:28\" class=\"data-link\" rel=\"bookmark\"><time class=\"entry-date updated\" datetime=\"2019-02-25T16:28:22+00:00\">25. Februar 2019<\/time><\/a><\/div>\n\t<div class=\"entry-excerpt\"><p>[vc_row][vc_column][vc_column_text] Der neue Film von Philipp Eichholtz &#8220;Kim hat einen Penis&#8221; (Darling Berlin) ist der Er\u00f6ffnungsfilm des 15. achtung berlin &#8211; new berlin film award. Das Festival findet vom 10. bis 17. April statt und wird mit dem Film traditionell im Berliner Kino International am Mittwoch den 10.4. er\u00f6ffnet. [\/vc_column_text][\/vc_column][\/vc_row][vc_row][vc_column][vc_column_text]Im vierten Spielfilm von Philipp Eichholtz&hellip;<\/p>\n<\/div>\n\t\n<a href=\"https:\/\/ucmp.de\/de\/kim-hat-einen-penis-eroffnet-das-filmfestival-achtung-berlin-2019\/\" class=\"post-details details-type-link\" aria-label=\"Read more about &#8220;Kim hat einen Penis&#8221; er\u00f6ffnet das Filmfestival achtung berlin 2019\">Mehr lesen<i class=\"dt-icon-the7-arrow-03\" aria-hidden=\"true\"><\/i><\/a>\n\n<\/div><\/article><\/div><div class=\"visible wf-cell\" data-post-id=\"20330\" data-date=\"2019-02-07T12:50:48+00:00\" data-name=\"UCMP auf der 69. Berlinale und der EFM 2019\"><article class=\"post project-odd visible post-20330 type-post status-publish format-standard has-post-thumbnail hentry category-festival category-film category-filmproduktion category-firma category-kim-hat-einen-penis category-news tag-69-berlinale tag-berlin tag-berlinale tag-berlinale-2019 tag-darling-berlin tag-efm tag-european-film-market tag-everything-always-all-the-time-2 tag-festival tag-internationale-filmfestspiele-berlin tag-kim-hat-einen-penis tag-perspektive-deutsches-kino tag-philipp-eichholtz tag-ucm-one category-5418 category-5545 category-8 category-5409 category-5217 category-13\" data-name=\"UCMP auf der 69. Berlinale und der EFM 2019\" data-date=\"2019-02-07T12:50:48+00:00\">\n\n<div class=\"post-thumbnail-wrap\">\n\t<div class=\"post-thumbnail\">\n\t\t\n\t\t\n\t\t<a href=\"https:\/\/ucmp.de\/de\/ucmp-auf-der-69-berlinale-und-der-efm-2019\/\" class=\"post-thumbnail-rollover layzr-bg layzr-bg\" ><img decoding=\"async\" class=\"iso-lazy-load preload-me iso-lazy-load aspect\" src=\"data:image\/svg+xml,%3Csvg%20xmlns%3D&#39;http%3A%2F%2Fwww.w3.org%2F2000%2Fsvg&#39;%20viewBox%3D&#39;0%200%20990%20309&#39;%2F%3E\" data-src=\"https:\/\/ucmp.de\/wp-content\/uploads\/2019\/02\/B-Berlinale-2019-1-990x309.jpg\" data-srcset=\"https:\/\/ucmp.de\/wp-content\/uploads\/2019\/02\/B-Berlinale-2019-1-990x309.jpg 990w, https:\/\/ucmp.de\/wp-content\/uploads\/2019\/02\/B-Berlinale-2019-1-1485x464.jpg 1485w\" loading=\"eager\" style=\"--ratio: 990 \/ 309\" sizes=\"(max-width: 990px) 100vw, 990px\" alt=\"\" title=\"B-Berlinale-2019\" width=\"990\" height=\"309\"  \/><\/a>\t<\/div>\n<\/div>\n\n\n<div class=\"post-entry-content\">\n\n\t<h3 class=\"entry-title\">\n\t\t<a href=\"https:\/\/ucmp.de\/de\/ucmp-auf-der-69-berlinale-und-der-efm-2019\/\" title=\"UCMP auf der 69. Berlinale und der EFM 2019\" rel=\"bookmark\">UCMP auf der 69. Berlinale und der EFM 2019<\/a>\n\t<\/h3>\n\n\t<div class=\"entry-meta\"><span class=\"category-link\"><a href=\"https:\/\/ucmp.de\/de\/category\/news\/festival\/\" >Festival<\/a>, <a href=\"https:\/\/ucmp.de\/de\/category\/news\/film\/\" >Film<\/a>, <a href=\"https:\/\/ucmp.de\/de\/category\/news\/filmproduktion\/\" >Filmproduktion<\/a>, <a href=\"https:\/\/ucmp.de\/de\/category\/news\/firma\/\" >Firma<\/a>, <a href=\"https:\/\/ucmp.de\/de\/category\/news\/filmproduktion\/kim-hat-einen-penis\/\" >Kim hat einen Penis<\/a>, <a href=\"https:\/\/ucmp.de\/de\/category\/news\/\" >News<\/a><\/span><a class=\"author vcard\" href=\"\" title=\"Zeige alle Beitr\u00e4ge von Joachim Keil\" rel=\"author\">Von <span class=\"fn\">Joachim Keil<\/span><\/a><a href=\"https:\/\/ucmp.de\/de\/2019\/02\/07\/\" title=\"12:50\" class=\"data-link\" rel=\"bookmark\"><time class=\"entry-date updated\" datetime=\"2019-02-07T12:50:48+00:00\">7. Februar 2019<\/time><\/a><\/div>\n\t<div class=\"entry-excerpt\"><p>[vc_row][vc_column][vc_column_text]Das Team der UCMP ist dieses Jahr vom 07. bis 15. Februar auf der 69. Berlinale pr\u00e4sent.\u00a0Im Beisein des Regisseurs Philipp Eichholtz wird auch der Film \u201cKim hat einen Penis\u201d (Englischer Titel: \u201cEverything Always All the Time\u201d) im Rahmen \u00a0der \u201cAK Kino \u2013 Gilde Screenings\u201d am Samstag, den 09. Februar 2019 um 14:45 im Hackesche&hellip;<\/p>\n<\/div>\n\t\n<a href=\"https:\/\/ucmp.de\/de\/ucmp-auf-der-69-berlinale-und-der-efm-2019\/\" class=\"post-details details-type-link\" aria-label=\"Read more about UCMP auf der 69. Berlinale und der EFM 2019\">Mehr lesen<i class=\"dt-icon-the7-arrow-03\" aria-hidden=\"true\"><\/i><\/a>\n\n<\/div><\/article><\/div><\/div><!-- iso-container|iso-grid --><\/div>[vc_empty_space height=&#8221;15px&#8221;][vc_btn title=&#8221;Alle News&#8221; style=&#8221;classic&#8221; align=&#8221;right&#8221; i_icon_fontawesome=&#8221;fa fa-newspaper-o&#8221; add_icon=&#8221;true&#8221; link=&#8221;url:https%3A%2F%2Fucmp.one%2Fcategory%2Fkim-hat-einen-penis|title:Kim%20hat%20einen%20Penis||&#8221;][vc_empty_space height=&#8221;15px&#8221;][\/vc_column][\/vc_row][vc_row][vc_column][vc_separator color=&#8221;custom&#8221; accent_color=&#8221;#018419&#8243;][\/vc_column][\/vc_row][vc_row css=&#8221;.vc_custom_1518458873891{margin-top: 65px !important;}&#8221;][vc_column width=&#8221;1\/4&#8243;][vc_btn title=&#8221;\u00dcbersicht&#8221; style=&#8221;flat&#8221; size=&#8221;lg&#8221; align=&#8221;center&#8221; i_icon_fontawesome=&#8221;fa fa-home&#8221; button_block=&#8221;true&#8221; add_icon=&#8221;true&#8221; link=&#8221;url:https%3A%2F%2Fucmp.de|title:Film%20Labels||&#8221;][\/vc_column][vc_column width=&#8221;1\/4&#8243;][vc_btn title=&#8221;Filmproduktion&#8221; style=&#8221;flat&#8221; size=&#8221;lg&#8221; align=&#8221;center&#8221; i_icon_fontawesome=&#8221;fa fa-film&#8221; button_block=&#8221;true&#8221; add_icon=&#8221;true&#8221; link=&#8221;url:https%3A%2F%2Fucmp.one%2Ffilmproduktion%2F|title:Filmproduktion||&#8221;][\/vc_column][vc_column width=&#8221;1\/4&#8243;][vc_btn title=&#8221;iMDB&#8221; style=&#8221;flat&#8221; color=&#8221;chino&#8221; size=&#8221;lg&#8221; align=&#8221;center&#8221; i_icon_fontawesome=&#8221;fa fa-imdb&#8221; button_block=&#8221;true&#8221; add_icon=&#8221;true&#8221; link=&#8221;url:https%3A%2F%2Fwww.imdb.com%2Ftitle%2Ftt8515302|title:Kim%20hat%20einen%20Penis|target:%20_blank|&#8221;][\/vc_column][vc_column width=&#8221;1\/4&#8243;][vc_btn title=&#8221;UCM.ONE&#8221; style=&#8221;flat&#8221; color=&#8221;chino&#8221; size=&#8221;lg&#8221; align=&#8221;center&#8221; i_icon_fontawesome=&#8221;fa fa-external-link&#8221; button_block=&#8221;true&#8221; add_icon=&#8221;true&#8221; link=&#8221;url:https%3A%2F%2Fucm.one%2Fde%2Fkinoverleih%2Fkinostarts%2F%23kim-hat-einen-penis|title:Kim%20hat%20einen%20Penis|target:%20_blank|&#8221;][\/vc_column][\/vc_row][vc_row content_placement=&#8221;middle&#8221; bg_type=&#8221;grad&#8221; ult_hide_row=&#8221;ult_hide_row_value&#8221; ult_hide_row_large_screen=&#8221;large_screen&#8221; ult_hide_row_desktop=&#8221;desktop&#8221; css=&#8221;.vc_custom_1518701755537{margin-top: 0px !important;padding-top: -50px !important;}&#8221; bg_grad=&#8221;background: -webkit-gradient(linear, left top, left bottom, color-stop(0%, #E3E3E3), color-stop(0%, #FFFFFF), color-stop(6%, #FFFFFF), color-stop(7%, #FFFFFF), color-stop(50%, #FFFFFF));background: -moz-linear-gradient(top,#E3E3E3 0%,#FFFFFF 0%,#FFFFFF 6%,#FFFFFF 7%,#FFFFFF 50%);background: -webkit-linear-gradient(top,#E3E3E3 0%,#FFFFFF 0%,#FFFFFF 6%,#FFFFFF 7%,#FFFFFF 50%);background: -o-linear-gradient(top,#E3E3E3 0%,#FFFFFF 0%,#FFFFFF 6%,#FFFFFF 7%,#FFFFFF 50%);background: -ms-linear-gradient(top,#E3E3E3 0%,#FFFFFF 0%,#FFFFFF 6%,#FFFFFF 7%,#FFFFFF 50%);background: linear-gradient(top,#E3E3E3 0%,#FFFFFF 0%,#FFFFFF 6%,#FFFFFF 7%,#FFFFFF 50%);&#8221;][vc_column][vc_btn title=&#8221;Kontakt&#8221; style=&#8221;flat&#8221; color=&#8221;success&#8221; size=&#8221;lg&#8221; align=&#8221;center&#8221; i_icon_fontawesome=&#8221;fa fa-envelope-square&#8221; button_block=&#8221;true&#8221; add_icon=&#8221;true&#8221; link=&#8221;url:https%3A%2F%2Fucmp.de%2Ffirma%2Fkontakt%2F|title:Kontakt||&#8221; css=&#8221;.vc_custom_1572179206210{margin-top: 30px !important;}&#8221;][\/vc_column][\/vc_row]<\/p>\n<\/div>","protected":false},"excerpt":{"rendered":"<p>[vc_row][vc_column width=&#8221;3\/4&#8243; css=&#8221;.vc_custom_1561291995466{padding-right: 30px !important;}&#8221;][vc_column_text] Kim hat einen Penis [\/vc_column_text][vc_column_text]Der Film &#8220;Kim hat einen Penis&#8221; (englischer Titel: Everything Always All the time&#8220;) ist der vierte Langspielfilm von Philipp Eichholtz nach den Filmen &#8220;Liebe mich!&#8221; (2014), &#8220;Luca tanzt leise&#8221; (2016) und &#8220;R\u00fcckenwind von vorn&#8221; (2018). Im Jahr 2018 schaffte es Philipp Eichholtz dabei, im gleichen Jahr&hellip;<\/p>\n","protected":false},"author":2,"featured_media":31212,"parent":0,"menu_order":1,"comment_status":"closed","ping_status":"closed","template":"","meta":{"footnotes":""},"class_list":["post-31211","page","type-page","status-publish","has-post-thumbnail","hentry","description-off"],"_links":{"self":[{"href":"https:\/\/ucmp.de\/de\/wp-json\/wp\/v2\/pages\/31211","targetHints":{"allow":["GET"]}}],"collection":[{"href":"https:\/\/ucmp.de\/de\/wp-json\/wp\/v2\/pages"}],"about":[{"href":"https:\/\/ucmp.de\/de\/wp-json\/wp\/v2\/types\/page"}],"author":[{"embeddable":true,"href":"https:\/\/ucmp.de\/de\/wp-json\/wp\/v2\/users\/2"}],"replies":[{"embeddable":true,"href":"https:\/\/ucmp.de\/de\/wp-json\/wp\/v2\/comments?post=31211"}],"version-history":[{"count":5,"href":"https:\/\/ucmp.de\/de\/wp-json\/wp\/v2\/pages\/31211\/revisions"}],"predecessor-version":[{"id":31472,"href":"https:\/\/ucmp.de\/de\/wp-json\/wp\/v2\/pages\/31211\/revisions\/31472"}],"wp:featuredmedia":[{"embeddable":true,"href":"https:\/\/ucmp.de\/de\/wp-json\/wp\/v2\/media\/31212"}],"wp:attachment":[{"href":"https:\/\/ucmp.de\/de\/wp-json\/wp\/v2\/media?parent=31211"}],"curies":[{"name":"wp","href":"https:\/\/api.w.org\/{rel}","templated":true}]}}